{"id":225,"date":"2022-12-20T23:15:23","date_gmt":"2022-12-20T23:15:23","guid":{"rendered":"https:\/\/alianzasur.org\/?page_id=225"},"modified":"2022-12-20T23:15:23","modified_gmt":"2022-12-20T23:15:23","slug":"area-pedagogica","status":"publish","type":"page","link":"https:\/\/alianzasur.org\/index.php\/area-pedagogica\/","title":{"rendered":"\u00c1rea Pedag\u00f3gica"},"content":{"rendered":"\n<figure class=\"wp-block-image size-full\"><img loading=\"lazy\" decoding=\"async\" width=\"962\" height=\"94\" src=\"https:\/\/alianzasur.org\/wp-content\/uploads\/2022\/12\/proyectos-relevantes-5_2.png\" alt=\"\" class=\"wp-image-226\" srcset=\"https:\/\/alianzasur.org\/wp-content\/uploads\/2022\/12\/proyectos-relevantes-5_2.png 962w, https:\/\/alianzasur.org\/wp-content\/uploads\/2022\/12\/proyectos-relevantes-5_2-300x29.png 300w, https:\/\/alianzasur.org\/wp-content\/uploads\/2022\/12\/proyectos-relevantes-5_2-768x75.png 768w\" sizes=\"auto, (max-width: 962px) 100vw, 962px\" \/><figcaption class=\"wp-element-caption\"><strong><strong>NUESTRA PRESTACION SE ENFOCA EN:<\/strong><\/strong><br><strong><br>\u00a0<\/strong>Gestionar y evaluar, las distintas pol\u00edticas educativas, acad\u00e9micas y cient\u00edficas del pa\u00eds, estableciendo alianzas p\u00fablicas y privadas.<br><strong>>\u00a0<\/strong>\u00a0Establecer convenios de cooperaci\u00f3n Institucional, generando proyectos que garanticen la aplicaci\u00f3n del conocimiento, prestando servicios de asistencia pedag\u00f3gica.<br><strong>><\/strong>\u00a0\u00a0Generar nuevas estrategias pedag\u00f3gicas y did\u00e1cticas en grupos humanos como: primera infancia, preescolar, b\u00e1sica primaria, bachillerato, universitario.<\/figcaption><\/figure>\n\n\n\n<p><\/p>\n\n\n\n<h2 class=\"has-text-align-center wp-block-heading\"><mark style=\"background-color:rgba(0, 0, 0, 0)\" class=\"has-inline-color has-vivid-purple-color\">PROYECTOS RELEVANTES:<\/mark><\/h2>\n\n\n\n<hr class=\"wp-block-separator has-alpha-channel-opacity\"\/>\n\n\n\n<h2 class=\"wp-block-heading\"><mark style=\"background-color:rgba(0, 0, 0, 0)\" class=\"has-inline-color has-vivid-cyan-blue-color\">ACADEMIA ALIANZA SUR.<\/mark><\/h2>\n\n\n\n<p><strong>OBJETO:\u00a0<\/strong>Promover formaci\u00f3n acad\u00e9mica informal sobre diferentes temas y areas estrat\u00e9gicas para la productividad social en Colombia y en el mundo. <br><strong>BENEFICIARIOS:<\/strong>\u00a020\u00a0habitantes rurales &#8211; 250 indirectos urbanos.<br><strong>COOPERANTES<\/strong><br>\u200b*Alianza Sur, (Cooperante y ejecutivos y co-financiaci\u00f3n).<\/p>\n\n\n\n<h2 class=\"has-text-align-center wp-block-heading\"><a href=\"http:\/\/academia.alianzasur.org\" target=\"_blank\" rel=\"noopener\" title=\"academia.alianzasur.org\">academia.alianzasur.org<\/a> <\/h2>\n\n\n\n<hr class=\"wp-block-separator has-alpha-channel-opacity\"\/>\n\n\n\n<h2 class=\"wp-block-heading\"><strong><mark style=\"background-color:rgba(0, 0, 0, 0)\" class=\"has-inline-color has-vivid-cyan-blue-color\">EXPOSICION 5-01<\/mark><\/strong><\/h2>\n\n\n\n<p><strong>OBJETO:\u00a0<\/strong>Promover estrategias de reflexi\u00f3n social por medio de la Exposici\u00f3n 5-01, que susciten la reflexi\u00f3n social asociada a la interpretaci\u00f3n de 52 pinturas de arte; haciendo participes a la comunidad de urbana y rural del municipio<em> <\/em>de Tunja.<br><strong>BENEFICIARIOS:<\/strong>\u00a08000\u00a0habitantes rurales &#8211; 1850 indirectos urbanos.<br><strong>COOPERANTES<\/strong><br>*Alcald\u00eda Mayor de Tunja \u2013 Secretaria Municipal de Cultura.<br>\u200b*Alianza Sur, (Cooperante y ejecutivos y co-financiaci\u00f3n).<br>*Tunja\u00a0<br>*Boyac\u00e1-Boyac\u00e1<br>*Saboya<br>*Pauna<br>*Maripi<br>*Otanche<br>*Cooperantes privadas.<\/p>\n\n\n\n<figure class=\"wp-block-embed is-type-video is-provider-youtube wp-block-embed-youtube wp-embed-aspect-16-9 wp-has-aspect-ratio\"><div class=\"wp-block-embed__wrapper\">\n<iframe loading=\"lazy\" title=\"Exposici\u00f3n 5-01 - Socializacion 2013\" width=\"500\" height=\"281\" src=\"https:\/\/www.youtube.com\/embed\/NaricbbEl84?feature=oembed\" frameborder=\"0\" allow=\"accelerometer; autoplay; clipboard-write; encrypted-media; gyroscope; picture-in-picture; web-share\" referrerpolicy=\"strict-origin-when-cross-origin\" allowfullscreen><\/iframe>\n<\/div><\/figure>\n","protected":false},"excerpt":{"rendered":"<p>PROYECTOS RELEVANTES: ACADEMIA ALIANZA SUR. OBJETO:\u00a0Promover formaci\u00f3n acad\u00e9mica informal sobre diferentes temas y areas estrat\u00e9gicas para la productividad social en Colombia y en el mundo. BENEFICIARIOS:\u00a020\u00a0habitantes rurales &#8211; 250 indirectos urbanos.COOPERANTES\u200b*Alianza Sur, (Cooperante y ejecutivos y co-financiaci\u00f3n). academia.alianzasur.org EXPOSICION 5-01 OBJETO:\u00a0Promover estrategias de reflexi\u00f3n social por medio de la Exposici\u00f3n 5-01, que susciten la reflexi\u00f3n [&hellip;]<\/p>\n","protected":false},"author":1,"featured_media":0,"parent":0,"menu_order":0,"comment_status":"closed","ping_status":"closed","template":"","meta":{"footnotes":""},"class_list":["post-225","page","type-page","status-publish","hentry"],"aioseo_notices":[],"_links":{"self":[{"href":"https:\/\/alianzasur.org\/index.php\/wp-json\/wp\/v2\/pages\/225","targetHints":{"allow":["GET"]}}],"collection":[{"href":"https:\/\/alianzasur.org\/index.php\/wp-json\/wp\/v2\/pages"}],"about":[{"href":"https:\/\/alianzasur.org\/index.php\/wp-json\/wp\/v2\/types\/page"}],"author":[{"embeddable":true,"href":"https:\/\/alianzasur.org\/index.php\/wp-json\/wp\/v2\/users\/1"}],"replies":[{"embeddable":true,"href":"https:\/\/alianzasur.org\/index.php\/wp-json\/wp\/v2\/comments?post=225"}],"version-history":[{"count":1,"href":"https:\/\/alianzasur.org\/index.php\/wp-json\/wp\/v2\/pages\/225\/revisions"}],"predecessor-version":[{"id":228,"href":"https:\/\/alianzasur.org\/index.php\/wp-json\/wp\/v2\/pages\/225\/revisions\/228"}],"wp:attachment":[{"href":"https:\/\/alianzasur.org\/index.php\/wp-json\/wp\/v2\/media?parent=225"}],"curies":[{"name":"wp","href":"https:\/\/api.w.org\/{rel}","templated":true}]}}